{"id":1646,"date":"2020-01-24T14:25:33","date_gmt":"2020-01-24T14:25:33","guid":{"rendered":"http:\/\/karatekirudo.es\/?page_id=1646"},"modified":"2024-03-25T19:35:59","modified_gmt":"2024-03-25T18:35:59","slug":"equipo","status":"publish","type":"page","link":"https:\/\/karatekirudo.es\/eu\/equipo\/","title":{"rendered":"NUESTROS T\u00c9CNICOS"},"content":{"rendered":"<div data-elementor-type=\"wp-page\" data-elementor-id=\"1646\" class=\"elementor elementor-1646\" data-elementor-settings=\"[]\">\n\t\t\t\t\t\t<div class=\"elementor-inner\">\n\t\t\t\t\t\t\t<div class=\"elementor-section-wrap\">\n\t\t\t\t\t\t\t<section class=\"elementor-section elementor-top-section elementor-element elementor-element-c6151ff elementor-section-boxed elementor-section-height-default elementor-section-height-default\" data-id=\"c6151ff\" data-element_type=\"section\">\n\t\t\t\t\t\t<div class=\"elementor-container elementor-column-gap-default\">\n\t\t\t\t\t\t\t<div class=\"elementor-row\">\n\t\t\t\t\t<div class=\"elementor-column elementor-col-50 elementor-top-column elementor-element elementor-element-654a48f\" data-id=\"654a48f\" data-element_type=\"column\">\n\t\t\t<div class=\"elementor-column-wrap elementor-element-populated\">\n\t\t\t\t\t\t\t<div class=\"elementor-widget-wrap\">\n\t\t\t\t\t\t<div class=\"elementor-element elementor-element-1973cbd elementor-position-top elementor-vertical-align-top elementor-widget elementor-widget-image-box\" data-id=\"1973cbd\" data-element_type=\"widget\" data-widget_type=\"image-box.default\">\n\t\t\t\t<div class=\"elementor-widget-container\">\n\t\t\t<div class=\"elementor-image-box-wrapper\"><figure class=\"elementor-image-box-img\"><img loading=\"lazy\" decoding=\"async\" width=\"500\" height=\"500\" src=\"https:\/\/karatekirudo.es\/wp-content\/uploads\/2020\/01\/Carlos_Kirudo.jpg\" class=\"elementor-animation-pulse attachment-full size-full\" alt=\"\" srcset=\"https:\/\/karatekirudo.es\/wp-content\/uploads\/2020\/01\/Carlos_Kirudo.jpg 500w, https:\/\/karatekirudo.es\/wp-content\/uploads\/2020\/01\/Carlos_Kirudo-300x300.jpg 300w, https:\/\/karatekirudo.es\/wp-content\/uploads\/2020\/01\/Carlos_Kirudo-150x150.jpg 150w\" sizes=\"(max-width: 500px) 100vw, 500px\" \/><\/figure><div class=\"elementor-image-box-content\"><h3 class=\"elementor-image-box-title\">CARLOS RODR\u00cdGUEZ<\/h3><\/div><\/div>\t\t<\/div>\n\t\t\t\t<\/div>\n\t\t\t\t<div class=\"elementor-element elementor-element-c96f53e elementor-icon-list--layout-traditional elementor-list-item-link-full_width elementor-widget elementor-widget-icon-list\" data-id=\"c96f53e\" data-element_type=\"widget\" data-widget_type=\"icon-list.default\">\n\t\t\t\t<div class=\"elementor-widget-container\">\n\t\t\t\t\t<ul class=\"elementor-icon-list-items\">\n\t\t\t\t\t\t\t<li class=\"elementor-icon-list-item\">\n\t\t\t\t\t\t\t\t\t\t\t<span class=\"elementor-icon-list-icon\">\n\t\t\t\t\t\t\t<i aria-hidden=\"true\" class=\"fas fa-check-square\"><\/i>\t\t\t\t\t\t<\/span>\n\t\t\t\t\t\t\t\t\t\t<span class=\"elementor-icon-list-text\">ENTRENADOR NACIONAL DE KARATE - NIVEL III<\/span>\n\t\t\t\t\t\t\t\t\t<\/li>\n\t\t\t\t\t\t\t\t<li class=\"elementor-icon-list-item\">\n\t\t\t\t\t\t\t\t\t\t\t<span class=\"elementor-icon-list-icon\">\n\t\t\t\t\t\t\t<i aria-hidden=\"true\" class=\"fas fa-check-square\"><\/i>\t\t\t\t\t\t<\/span>\n\t\t\t\t\t\t\t\t\t\t<span class=\"elementor-icon-list-text\">VICEPRESIDENTE DE LA FEDERACI\u00d3N GUIPUZCOANA DE KARATE<\/span>\n\t\t\t\t\t\t\t\t\t<\/li>\n\t\t\t\t\t\t\t\t<li class=\"elementor-icon-list-item\">\n\t\t\t\t\t\t\t\t\t\t\t<span class=\"elementor-icon-list-icon\">\n\t\t\t\t\t\t\t<i aria-hidden=\"true\" class=\"fas fa-check-square\"><\/i>\t\t\t\t\t\t<\/span>\n\t\t\t\t\t\t\t\t\t\t<span class=\"elementor-icon-list-text\">DIRECTOR T\u00c9CNICO DE LA FEDERACI\u00d3N GUIPUZCOANA DE KARATE<\/span>\n\t\t\t\t\t\t\t\t\t<\/li>\n\t\t\t\t\t\t\t\t<li class=\"elementor-icon-list-item\">\n\t\t\t\t\t\t\t\t\t\t\t<span class=\"elementor-icon-list-icon\">\n\t\t\t\t\t\t\t<i aria-hidden=\"true\" class=\"fas fa-check-square\"><\/i>\t\t\t\t\t\t<\/span>\n\t\t\t\t\t\t\t\t\t\t<span class=\"elementor-icon-list-text\">CINTUR\u00d3N NEGRO 6\u00ba DAN<\/span>\n\t\t\t\t\t\t\t\t\t<\/li>\n\t\t\t\t\t\t\t\t<li class=\"elementor-icon-list-item\">\n\t\t\t\t\t\t\t\t\t\t\t<span class=\"elementor-icon-list-icon\">\n\t\t\t\t\t\t\t<i aria-hidden=\"true\" class=\"fas fa-check-square\"><\/i>\t\t\t\t\t\t<\/span>\n\t\t\t\t\t\t\t\t\t\t<span class=\"elementor-icon-list-text\">CINTUR\u00d3N NEGRO 1\u00ba DAN GOSHIN<\/span>\n\t\t\t\t\t\t\t\t\t<\/li>\n\t\t\t\t\t\t\t\t<li class=\"elementor-icon-list-item\">\n\t\t\t\t\t\t\t\t\t\t\t<span class=\"elementor-icon-list-icon\">\n\t\t\t\t\t\t\t<i aria-hidden=\"true\" class=\"fas fa-check-square\"><\/i>\t\t\t\t\t\t<\/span>\n\t\t\t\t\t\t\t\t\t\t<span class=\"elementor-icon-list-text\">COACH INTERNACIONAL-WKF<\/span>\n\t\t\t\t\t\t\t\t\t<\/li>\n\t\t\t\t\t\t\t\t<li class=\"elementor-icon-list-item\">\n\t\t\t\t\t\t\t\t\t\t\t<span class=\"elementor-icon-list-icon\">\n\t\t\t\t\t\t\t<i aria-hidden=\"true\" class=\"fas fa-check-square\"><\/i>\t\t\t\t\t\t<\/span>\n\t\t\t\t\t\t\t\t\t\t<span class=\"elementor-icon-list-text\">COACH NACIONAL<\/span>\n\t\t\t\t\t\t\t\t\t<\/li>\n\t\t\t\t\t\t\t\t<li class=\"elementor-icon-list-item\">\n\t\t\t\t\t\t\t\t\t\t\t<span class=\"elementor-icon-list-icon\">\n\t\t\t\t\t\t\t<i aria-hidden=\"true\" class=\"fas fa-check-square\"><\/i>\t\t\t\t\t\t<\/span>\n\t\t\t\t\t\t\t\t\t\t<span class=\"elementor-icon-list-text\">\u00c1RBITRO NACIONAL DE KUMITE Y KATA<\/span>\n\t\t\t\t\t\t\t\t\t<\/li>\n\t\t\t\t\t\t\t\t<li class=\"elementor-icon-list-item\">\n\t\t\t\t\t\t\t\t\t\t\t<span class=\"elementor-icon-list-icon\">\n\t\t\t\t\t\t\t<i aria-hidden=\"true\" class=\"fas fa-check-square\"><\/i>\t\t\t\t\t\t<\/span>\n\t\t\t\t\t\t\t\t\t\t<span class=\"elementor-icon-list-text\">JUEZ DEL TRIBUNAL NACIONAL DE GRADOS<\/span>\n\t\t\t\t\t\t\t\t\t<\/li>\n\t\t\t\t\t\t\t\t<li class=\"elementor-icon-list-item\">\n\t\t\t\t\t\t\t\t\t\t\t<span class=\"elementor-icon-list-icon\">\n\t\t\t\t\t\t\t<i aria-hidden=\"true\" class=\"fas fa-check-square\"><\/i>\t\t\t\t\t\t<\/span>\n\t\t\t\t\t\t\t\t\t\t<span class=\"elementor-icon-list-text\">SELECCIONADOR DE KATA DE EUSKADI<\/span>\n\t\t\t\t\t\t\t\t\t<\/li>\n\t\t\t\t\t\t\t\t<li class=\"elementor-icon-list-item\">\n\t\t\t\t\t\t\t\t\t\t\t<span class=\"elementor-icon-list-icon\">\n\t\t\t\t\t\t\t<i aria-hidden=\"true\" class=\"fas fa-check-square\"><\/i>\t\t\t\t\t\t<\/span>\n\t\t\t\t\t\t\t\t\t\t<span class=\"elementor-icon-list-text\">DIPLOMADO EN CULTURISMO<\/span>\n\t\t\t\t\t\t\t\t\t<\/li>\n\t\t\t\t\t\t\t\t<li class=\"elementor-icon-list-item\">\n\t\t\t\t\t\t\t\t\t\t\t<span class=\"elementor-icon-list-icon\">\n\t\t\t\t\t\t\t<i aria-hidden=\"true\" class=\"fas fa-check-square\"><\/i>\t\t\t\t\t\t<\/span>\n\t\t\t\t\t\t\t\t\t\t<span class=\"elementor-icon-list-text\">DIPLOMADO EN MASAJE TERAPE\u00daTICO<\/span>\n\t\t\t\t\t\t\t\t\t<\/li>\n\t\t\t\t\t\t\t\t<li class=\"elementor-icon-list-item\">\n\t\t\t\t\t\t\t\t\t\t\t<span class=\"elementor-icon-list-icon\">\n\t\t\t\t\t\t\t<i aria-hidden=\"true\" class=\"fas fa-check-square\"><\/i>\t\t\t\t\t\t<\/span>\n\t\t\t\t\t\t\t\t\t\t<span class=\"elementor-icon-list-text\">DIPLOMADO EN MASAJE DEPORTIVO<\/span>\n\t\t\t\t\t\t\t\t\t<\/li>\n\t\t\t\t\t\t\t\t<li class=\"elementor-icon-list-item\">\n\t\t\t\t\t\t\t\t\t\t\t<span class=\"elementor-icon-list-icon\">\n\t\t\t\t\t\t\t<i aria-hidden=\"true\" class=\"fas fa-check-square\"><\/i>\t\t\t\t\t\t<\/span>\n\t\t\t\t\t\t\t\t\t\t<span class=\"elementor-icon-list-text\">DIPLOMADO EN T\u00c9CNICAS DE OSTEOPAT\u00cdA<\/span>\n\t\t\t\t\t\t\t\t\t<\/li>\n\t\t\t\t\t\t<\/ul>\n\t\t\t\t<\/div>\n\t\t\t\t<\/div>\n\t\t\t\t<div class=\"elementor-element elementor-element-80504a4 elementor-widget elementor-widget-spacer\" data-id=\"80504a4\" data-element_type=\"widget\" data-widget_type=\"spacer.default\">\n\t\t\t\t<div class=\"elementor-widget-container\">\n\t\t\t\t\t<div class=\"elementor-spacer\">\n\t\t\t<div class=\"elementor-spacer-inner\"><\/div>\n\t\t<\/div>\n\t\t\t\t<\/div>\n\t\t\t\t<\/div>\n\t\t\t\t<div class=\"elementor-element elementor-element-27b101b elementor-position-top elementor-vertical-align-top elementor-widget elementor-widget-image-box\" data-id=\"27b101b\" data-element_type=\"widget\" data-widget_type=\"image-box.default\">\n\t\t\t\t<div class=\"elementor-widget-container\">\n\t\t\t<div class=\"elementor-image-box-wrapper\"><figure class=\"elementor-image-box-img\"><img loading=\"lazy\" decoding=\"async\" width=\"500\" height=\"500\" src=\"https:\/\/karatekirudo.es\/wp-content\/uploads\/2020\/01\/Paula_Kirudo.jpg\" class=\"elementor-animation-pulse attachment-full size-full\" alt=\"\" srcset=\"https:\/\/karatekirudo.es\/wp-content\/uploads\/2020\/01\/Paula_Kirudo.jpg 500w, https:\/\/karatekirudo.es\/wp-content\/uploads\/2020\/01\/Paula_Kirudo-300x300.jpg 300w, https:\/\/karatekirudo.es\/wp-content\/uploads\/2020\/01\/Paula_Kirudo-150x150.jpg 150w\" sizes=\"(max-width: 500px) 100vw, 500px\" \/><\/figure><div class=\"elementor-image-box-content\"><h3 class=\"elementor-image-box-title\">PAULA RODR\u00cdGUEZ<\/h3><\/div><\/div>\t\t<\/div>\n\t\t\t\t<\/div>\n\t\t\t\t<div class=\"elementor-element elementor-element-80708a0 elementor-icon-list--layout-traditional elementor-list-item-link-full_width elementor-widget elementor-widget-icon-list\" data-id=\"80708a0\" data-element_type=\"widget\" data-widget_type=\"icon-list.default\">\n\t\t\t\t<div class=\"elementor-widget-container\">\n\t\t\t\t\t<ul class=\"elementor-icon-list-items\">\n\t\t\t\t\t\t\t<li class=\"elementor-icon-list-item\">\n\t\t\t\t\t\t\t\t\t\t\t<span class=\"elementor-icon-list-icon\">\n\t\t\t\t\t\t\t<i aria-hidden=\"true\" class=\"fas fa-check-square\"><\/i>\t\t\t\t\t\t<\/span>\n\t\t\t\t\t\t\t\t\t\t<span class=\"elementor-icon-list-text\">PRESIDENTA DEL CLUB KIRU-DO KARATE DE PASAJES<\/span>\n\t\t\t\t\t\t\t\t\t<\/li>\n\t\t\t\t\t\t\t\t<li class=\"elementor-icon-list-item\">\n\t\t\t\t\t\t\t\t\t\t\t<span class=\"elementor-icon-list-icon\">\n\t\t\t\t\t\t\t<i aria-hidden=\"true\" class=\"fas fa-check-square\"><\/i>\t\t\t\t\t\t<\/span>\n\t\t\t\t\t\t\t\t\t\t<span class=\"elementor-icon-list-text\">SELECCIONADORA DE KATA DE LA FEDERACI\u00d3N GUIPUZCOANA DE KARATE<\/span>\n\t\t\t\t\t\t\t\t\t<\/li>\n\t\t\t\t\t\t\t\t<li class=\"elementor-icon-list-item\">\n\t\t\t\t\t\t\t\t\t\t\t<span class=\"elementor-icon-list-icon\">\n\t\t\t\t\t\t\t<i aria-hidden=\"true\" class=\"fas fa-check-square\"><\/i>\t\t\t\t\t\t<\/span>\n\t\t\t\t\t\t\t\t\t\t<span class=\"elementor-icon-list-text\">NIVEL I DE ENSE\u00d1ANZA<\/span>\n\t\t\t\t\t\t\t\t\t<\/li>\n\t\t\t\t\t\t\t\t<li class=\"elementor-icon-list-item\">\n\t\t\t\t\t\t\t\t\t\t\t<span class=\"elementor-icon-list-icon\">\n\t\t\t\t\t\t\t<i aria-hidden=\"true\" class=\"fas fa-check-square\"><\/i>\t\t\t\t\t\t<\/span>\n\t\t\t\t\t\t\t\t\t\t<span class=\"elementor-icon-list-text\">CINTUR\u00d3N NEGRO 3\u00ba DAN<\/span>\n\t\t\t\t\t\t\t\t\t<\/li>\n\t\t\t\t\t\t\t\t<li class=\"elementor-icon-list-item\">\n\t\t\t\t\t\t\t\t\t\t\t<span class=\"elementor-icon-list-icon\">\n\t\t\t\t\t\t\t<i aria-hidden=\"true\" class=\"fas fa-check-square\"><\/i>\t\t\t\t\t\t<\/span>\n\t\t\t\t\t\t\t\t\t\t<span class=\"elementor-icon-list-text\">CINTUR\u00d3N NEGRO 1\u00ba DAN GOSHIN<\/span>\n\t\t\t\t\t\t\t\t\t<\/li>\n\t\t\t\t\t\t\t\t<li class=\"elementor-icon-list-item\">\n\t\t\t\t\t\t\t\t\t\t\t<span class=\"elementor-icon-list-icon\">\n\t\t\t\t\t\t\t<i aria-hidden=\"true\" class=\"fas fa-check-square\"><\/i>\t\t\t\t\t\t<\/span>\n\t\t\t\t\t\t\t\t\t\t<span class=\"elementor-icon-list-text\">\u00c1RBITRO NACIONAL B<\/span>\n\t\t\t\t\t\t\t\t\t<\/li>\n\t\t\t\t\t\t\t\t<li class=\"elementor-icon-list-item\">\n\t\t\t\t\t\t\t\t\t\t\t<span class=\"elementor-icon-list-icon\">\n\t\t\t\t\t\t\t<i aria-hidden=\"true\" class=\"fas fa-check-square\"><\/i>\t\t\t\t\t\t<\/span>\n\t\t\t\t\t\t\t\t\t\t<span class=\"elementor-icon-list-text\">RESPONSABLE DEL DEPARTAMENTO DE MUJER Y DEPORTE DE LA FGK<\/span>\n\t\t\t\t\t\t\t\t\t<\/li>\n\t\t\t\t\t\t\t\t<li class=\"elementor-icon-list-item\">\n\t\t\t\t\t\t\t\t\t\t\t<span class=\"elementor-icon-list-icon\">\n\t\t\t\t\t\t\t<i aria-hidden=\"true\" class=\"fas fa-check-square\"><\/i>\t\t\t\t\t\t<\/span>\n\t\t\t\t\t\t\t\t\t\t<span class=\"elementor-icon-list-text\">COACH INTERNACIONAL-WKF<\/span>\n\t\t\t\t\t\t\t\t\t<\/li>\n\t\t\t\t\t\t\t\t<li class=\"elementor-icon-list-item\">\n\t\t\t\t\t\t\t\t\t\t\t<span class=\"elementor-icon-list-icon\">\n\t\t\t\t\t\t\t<i aria-hidden=\"true\" class=\"fas fa-check-square\"><\/i>\t\t\t\t\t\t<\/span>\n\t\t\t\t\t\t\t\t\t\t<span class=\"elementor-icon-list-text\">COACH NACIONAL<\/span>\n\t\t\t\t\t\t\t\t\t<\/li>\n\t\t\t\t\t\t\t\t<li class=\"elementor-icon-list-item\">\n\t\t\t\t\t\t\t\t\t\t\t<span class=\"elementor-icon-list-icon\">\n\t\t\t\t\t\t\t<i aria-hidden=\"true\" class=\"fas fa-check-square\"><\/i>\t\t\t\t\t\t<\/span>\n\t\t\t\t\t\t\t\t\t\t<span class=\"elementor-icon-list-text\">GRADO SUPERIOR - ADMINISTRACI\u00d3N Y FINANZAS<\/span>\n\t\t\t\t\t\t\t\t\t<\/li>\n\t\t\t\t\t\t\t\t<li class=\"elementor-icon-list-item\">\n\t\t\t\t\t\t\t\t\t\t\t<span class=\"elementor-icon-list-icon\">\n\t\t\t\t\t\t\t<i aria-hidden=\"true\" class=\"fas fa-check-square\"><\/i>\t\t\t\t\t\t<\/span>\n\t\t\t\t\t\t\t\t\t\t<span class=\"elementor-icon-list-text\">ESTUDIANTE GRADO ADMINISTRACI\u00d3N Y DIRECCI\u00d3N DE EMPRESAS<\/span>\n\t\t\t\t\t\t\t\t\t<\/li>\n\t\t\t\t\t\t<\/ul>\n\t\t\t\t<\/div>\n\t\t\t\t<\/div>\n\t\t\t\t<div class=\"elementor-element elementor-element-f03d6b8 elementor-widget elementor-widget-spacer\" data-id=\"f03d6b8\" data-element_type=\"widget\" data-widget_type=\"spacer.default\">\n\t\t\t\t<div class=\"elementor-widget-container\">\n\t\t\t\t\t<div class=\"elementor-spacer\">\n\t\t\t<div class=\"elementor-spacer-inner\"><\/div>\n\t\t<\/div>\n\t\t\t\t<\/div>\n\t\t\t\t<\/div>\n\t\t\t\t\t\t<\/div>\n\t\t\t\t\t<\/div>\n\t\t<\/div>\n\t\t\t\t<div class=\"elementor-column elementor-col-50 elementor-top-column elementor-element elementor-element-5d28e5f\" data-id=\"5d28e5f\" data-element_type=\"column\">\n\t\t\t<div class=\"elementor-column-wrap elementor-element-populated\">\n\t\t\t\t\t\t\t<div class=\"elementor-widget-wrap\">\n\t\t\t\t\t\t<div class=\"elementor-element elementor-element-fd91b2e elementor-position-top elementor-vertical-align-top elementor-widget elementor-widget-image-box\" data-id=\"fd91b2e\" data-element_type=\"widget\" data-widget_type=\"image-box.default\">\n\t\t\t\t<div class=\"elementor-widget-container\">\n\t\t\t<div class=\"elementor-image-box-wrapper\"><figure class=\"elementor-image-box-img\"><img loading=\"lazy\" decoding=\"async\" width=\"500\" height=\"500\" src=\"https:\/\/karatekirudo.es\/wp-content\/uploads\/2020\/01\/Oihana_Karate_Kiru-do.png\" class=\"elementor-animation-pulse attachment-full size-full\" alt=\"\" srcset=\"https:\/\/karatekirudo.es\/wp-content\/uploads\/2020\/01\/Oihana_Karate_Kiru-do.png 500w, https:\/\/karatekirudo.es\/wp-content\/uploads\/2020\/01\/Oihana_Karate_Kiru-do-300x300.png 300w, https:\/\/karatekirudo.es\/wp-content\/uploads\/2020\/01\/Oihana_Karate_Kiru-do-150x150.png 150w\" sizes=\"(max-width: 500px) 100vw, 500px\" \/><\/figure><div class=\"elementor-image-box-content\"><h3 class=\"elementor-image-box-title\">OIHANA  AGUAYO<\/h3><\/div><\/div>\t\t<\/div>\n\t\t\t\t<\/div>\n\t\t\t\t<div class=\"elementor-element elementor-element-070f3fb elementor-icon-list--layout-traditional elementor-list-item-link-full_width elementor-widget elementor-widget-icon-list\" data-id=\"070f3fb\" data-element_type=\"widget\" data-widget_type=\"icon-list.default\">\n\t\t\t\t<div class=\"elementor-widget-container\">\n\t\t\t\t\t<ul class=\"elementor-icon-list-items\">\n\t\t\t\t\t\t\t<li class=\"elementor-icon-list-item\">\n\t\t\t\t\t\t\t\t\t\t\t<span class=\"elementor-icon-list-icon\">\n\t\t\t\t\t\t\t<i aria-hidden=\"true\" class=\"fas fa-check-square\"><\/i>\t\t\t\t\t\t<\/span>\n\t\t\t\t\t\t\t\t\t\t<span class=\"elementor-icon-list-text\">VICEPRESIDENTA DEL CLUB KIRU-DO KARATE DE PASAJES<\/span>\n\t\t\t\t\t\t\t\t\t<\/li>\n\t\t\t\t\t\t\t\t<li class=\"elementor-icon-list-item\">\n\t\t\t\t\t\t\t\t\t\t\t<span class=\"elementor-icon-list-icon\">\n\t\t\t\t\t\t\t<i aria-hidden=\"true\" class=\"fas fa-check-square\"><\/i>\t\t\t\t\t\t<\/span>\n\t\t\t\t\t\t\t\t\t\t<span class=\"elementor-icon-list-text\">NIVEL II DE ENSE\u00d1ANZA<\/span>\n\t\t\t\t\t\t\t\t\t<\/li>\n\t\t\t\t\t\t\t\t<li class=\"elementor-icon-list-item\">\n\t\t\t\t\t\t\t\t\t\t\t<span class=\"elementor-icon-list-icon\">\n\t\t\t\t\t\t\t<i aria-hidden=\"true\" class=\"fas fa-check-square\"><\/i>\t\t\t\t\t\t<\/span>\n\t\t\t\t\t\t\t\t\t\t<span class=\"elementor-icon-list-text\">CINTUR\u00d3N NEGRO 3\u00ba DAN<\/span>\n\t\t\t\t\t\t\t\t\t<\/li>\n\t\t\t\t\t\t\t\t<li class=\"elementor-icon-list-item\">\n\t\t\t\t\t\t\t\t\t\t\t<span class=\"elementor-icon-list-icon\">\n\t\t\t\t\t\t\t<i aria-hidden=\"true\" class=\"fas fa-check-square\"><\/i>\t\t\t\t\t\t<\/span>\n\t\t\t\t\t\t\t\t\t\t<span class=\"elementor-icon-list-text\">CINTUR\u00d3N NEGRO 1\u00ba DAN GOSHIN<\/span>\n\t\t\t\t\t\t\t\t\t<\/li>\n\t\t\t\t\t\t\t\t<li class=\"elementor-icon-list-item\">\n\t\t\t\t\t\t\t\t\t\t\t<span class=\"elementor-icon-list-icon\">\n\t\t\t\t\t\t\t<i aria-hidden=\"true\" class=\"fas fa-check-square\"><\/i>\t\t\t\t\t\t<\/span>\n\t\t\t\t\t\t\t\t\t\t<span class=\"elementor-icon-list-text\">COACH NACIONAL<\/span>\n\t\t\t\t\t\t\t\t\t<\/li>\n\t\t\t\t\t\t\t\t<li class=\"elementor-icon-list-item\">\n\t\t\t\t\t\t\t\t\t\t\t<span class=\"elementor-icon-list-icon\">\n\t\t\t\t\t\t\t<i aria-hidden=\"true\" class=\"fas fa-check-square\"><\/i>\t\t\t\t\t\t<\/span>\n\t\t\t\t\t\t\t\t\t\t<span class=\"elementor-icon-list-text\">T\u00c9CNICO DE KUMITE DE LA FEDERACI\u00d3N VASCA DE KARATE<\/span>\n\t\t\t\t\t\t\t\t\t<\/li>\n\t\t\t\t\t\t\t\t<li class=\"elementor-icon-list-item\">\n\t\t\t\t\t\t\t\t\t\t\t<span class=\"elementor-icon-list-icon\">\n\t\t\t\t\t\t\t<i aria-hidden=\"true\" class=\"fas fa-check-square\"><\/i>\t\t\t\t\t\t<\/span>\n\t\t\t\t\t\t\t\t\t\t<span class=\"elementor-icon-list-text\">\u00c1RBITRO INTER-REGIONAL<\/span>\n\t\t\t\t\t\t\t\t\t<\/li>\n\t\t\t\t\t\t\t\t<li class=\"elementor-icon-list-item\">\n\t\t\t\t\t\t\t\t\t\t\t<span class=\"elementor-icon-list-icon\">\n\t\t\t\t\t\t\t<i aria-hidden=\"true\" class=\"fas fa-check-square\"><\/i>\t\t\t\t\t\t<\/span>\n\t\t\t\t\t\t\t\t\t\t<span class=\"elementor-icon-list-text\">GRADO SUPERIOR EN DEPORTE<\/span>\n\t\t\t\t\t\t\t\t\t<\/li>\n\t\t\t\t\t\t<\/ul>\n\t\t\t\t<\/div>\n\t\t\t\t<\/div>\n\t\t\t\t<div class=\"elementor-element elementor-element-10b077b elementor-widget elementor-widget-spacer\" data-id=\"10b077b\" data-element_type=\"widget\" data-widget_type=\"spacer.default\">\n\t\t\t\t<div class=\"elementor-widget-container\">\n\t\t\t\t\t<div class=\"elementor-spacer\">\n\t\t\t<div class=\"elementor-spacer-inner\"><\/div>\n\t\t<\/div>\n\t\t\t\t<\/div>\n\t\t\t\t<\/div>\n\t\t\t\t<div class=\"elementor-element elementor-element-10add88 elementor-position-top elementor-vertical-align-top elementor-widget elementor-widget-image-box\" data-id=\"10add88\" data-element_type=\"widget\" data-widget_type=\"image-box.default\">\n\t\t\t\t<div class=\"elementor-widget-container\">\n\t\t\t<div class=\"elementor-image-box-wrapper\"><figure class=\"elementor-image-box-img\"><img loading=\"lazy\" decoding=\"async\" width=\"500\" height=\"500\" src=\"https:\/\/karatekirudo.es\/wp-content\/uploads\/2020\/01\/Nerea_Karate_Kiru-do.png\" class=\"elementor-animation-pulse attachment-full size-full\" alt=\"\" srcset=\"https:\/\/karatekirudo.es\/wp-content\/uploads\/2020\/01\/Nerea_Karate_Kiru-do.png 500w, https:\/\/karatekirudo.es\/wp-content\/uploads\/2020\/01\/Nerea_Karate_Kiru-do-300x300.png 300w, https:\/\/karatekirudo.es\/wp-content\/uploads\/2020\/01\/Nerea_Karate_Kiru-do-150x150.png 150w\" sizes=\"(max-width: 500px) 100vw, 500px\" \/><\/figure><div class=\"elementor-image-box-content\"><h3 class=\"elementor-image-box-title\">NEREA MATEO<\/h3><\/div><\/div>\t\t<\/div>\n\t\t\t\t<\/div>\n\t\t\t\t<div class=\"elementor-element elementor-element-6276f21 elementor-icon-list--layout-traditional elementor-list-item-link-full_width elementor-widget elementor-widget-icon-list\" data-id=\"6276f21\" data-element_type=\"widget\" data-widget_type=\"icon-list.default\">\n\t\t\t\t<div class=\"elementor-widget-container\">\n\t\t\t\t\t<ul class=\"elementor-icon-list-items\">\n\t\t\t\t\t\t\t<li class=\"elementor-icon-list-item\">\n\t\t\t\t\t\t\t\t\t\t\t<span class=\"elementor-icon-list-icon\">\n\t\t\t\t\t\t\t<i aria-hidden=\"true\" class=\"fas fa-check-square\"><\/i>\t\t\t\t\t\t<\/span>\n\t\t\t\t\t\t\t\t\t\t<span class=\"elementor-icon-list-text\">NIVEL I DE ENSE\u00d1ANZA <\/span>\n\t\t\t\t\t\t\t\t\t<\/li>\n\t\t\t\t\t\t\t\t<li class=\"elementor-icon-list-item\">\n\t\t\t\t\t\t\t\t\t\t\t<span class=\"elementor-icon-list-icon\">\n\t\t\t\t\t\t\t<i aria-hidden=\"true\" class=\"fas fa-check-square\"><\/i>\t\t\t\t\t\t<\/span>\n\t\t\t\t\t\t\t\t\t\t<span class=\"elementor-icon-list-text\">CINTUR\u00d3N NEGRO 1\u00ba DAN<\/span>\n\t\t\t\t\t\t\t\t\t<\/li>\n\t\t\t\t\t\t\t\t<li class=\"elementor-icon-list-item\">\n\t\t\t\t\t\t\t\t\t\t\t<span class=\"elementor-icon-list-icon\">\n\t\t\t\t\t\t\t<i aria-hidden=\"true\" class=\"fas fa-check-square\"><\/i>\t\t\t\t\t\t<\/span>\n\t\t\t\t\t\t\t\t\t\t<span class=\"elementor-icon-list-text\">DIPLOMADA EN  EDUCACI\u00d3N PRIMARIA CON MENCI\u00d3N EN EDUCACI\u00d3N F\u00cdSICA<\/span>\n\t\t\t\t\t\t\t\t\t<\/li>\n\t\t\t\t\t\t<\/ul>\n\t\t\t\t<\/div>\n\t\t\t\t<\/div>\n\t\t\t\t\t\t<\/div>\n\t\t\t\t\t<\/div>\n\t\t<\/div>\n\t\t\t\t\t\t\t\t<\/div>\n\t\t\t\t\t<\/div>\n\t\t<\/section>\n\t\t\t\t<section class=\"elementor-section elementor-top-section elementor-element elementor-element-4d2ee28 elementor-section-boxed elementor-section-height-default elementor-section-height-default\" data-id=\"4d2ee28\" data-element_type=\"section\">\n\t\t\t\t\t\t<div class=\"elementor-container elementor-column-gap-default\">\n\t\t\t\t\t\t\t<div class=\"elementor-row\">\n\t\t\t\t\t<div class=\"elementor-column elementor-col-50 elementor-top-column elementor-element elementor-element-9b1e3a0\" data-id=\"9b1e3a0\" data-element_type=\"column\">\n\t\t\t<div class=\"elementor-column-wrap elementor-element-populated\">\n\t\t\t\t\t\t\t<div class=\"elementor-widget-wrap\">\n\t\t\t\t\t\t<div class=\"elementor-element elementor-element-57d0d46 elementor-position-top elementor-vertical-align-top elementor-widget elementor-widget-image-box\" data-id=\"57d0d46\" data-element_type=\"widget\" data-widget_type=\"image-box.default\">\n\t\t\t\t<div class=\"elementor-widget-container\">\n\t\t\t<div class=\"elementor-image-box-wrapper\"><figure class=\"elementor-image-box-img\"><img loading=\"lazy\" decoding=\"async\" width=\"300\" height=\"300\" src=\"https:\/\/karatekirudo.es\/wp-content\/uploads\/2020\/02\/MONICA-WEB-300x300.jpg\" class=\"elementor-animation-pulse attachment-news-thumb size-news-thumb\" alt=\"\" srcset=\"https:\/\/karatekirudo.es\/wp-content\/uploads\/2020\/02\/MONICA-WEB-300x300.jpg 300w, https:\/\/karatekirudo.es\/wp-content\/uploads\/2020\/02\/MONICA-WEB-150x150.jpg 150w, https:\/\/karatekirudo.es\/wp-content\/uploads\/2020\/02\/MONICA-WEB-640x640.jpg 640w\" sizes=\"(max-width: 300px) 100vw, 300px\" \/><\/figure><div class=\"elementor-image-box-content\"><h3 class=\"elementor-image-box-title\">MONICA CAMARERO<\/h3><\/div><\/div>\t\t<\/div>\n\t\t\t\t<\/div>\n\t\t\t\t<div class=\"elementor-element elementor-element-df13fcf elementor-icon-list--layout-traditional elementor-list-item-link-full_width elementor-widget elementor-widget-icon-list\" data-id=\"df13fcf\" data-element_type=\"widget\" data-widget_type=\"icon-list.default\">\n\t\t\t\t<div class=\"elementor-widget-container\">\n\t\t\t\t\t<ul class=\"elementor-icon-list-items\">\n\t\t\t\t\t\t\t<li class=\"elementor-icon-list-item\">\n\t\t\t\t\t\t\t\t\t\t\t<span class=\"elementor-icon-list-icon\">\n\t\t\t\t\t\t\t<i aria-hidden=\"true\" class=\"fas fa-check-square\"><\/i>\t\t\t\t\t\t<\/span>\n\t\t\t\t\t\t\t\t\t\t<span class=\"elementor-icon-list-text\">ESTUDIANTE DEL NIVEL I DE ENSE\u00d1ANZA <\/span>\n\t\t\t\t\t\t\t\t\t<\/li>\n\t\t\t\t\t\t\t\t<li class=\"elementor-icon-list-item\">\n\t\t\t\t\t\t\t\t\t\t\t<span class=\"elementor-icon-list-icon\">\n\t\t\t\t\t\t\t<i aria-hidden=\"true\" class=\"fas fa-check-square\"><\/i>\t\t\t\t\t\t<\/span>\n\t\t\t\t\t\t\t\t\t\t<span class=\"elementor-icon-list-text\">CINTUR\u00d3N NEGRO 1\u00ba DAN<\/span>\n\t\t\t\t\t\t\t\t\t<\/li>\n\t\t\t\t\t\t\t\t<li class=\"elementor-icon-list-item\">\n\t\t\t\t\t\t\t\t\t\t\t<span class=\"elementor-icon-list-icon\">\n\t\t\t\t\t\t\t<i aria-hidden=\"true\" class=\"fas fa-check-square\"><\/i>\t\t\t\t\t\t<\/span>\n\t\t\t\t\t\t\t\t\t\t<span class=\"elementor-icon-list-text\">CINTUR\u00d3N NEGRO 1\u00ba DAN GOSHIN<\/span>\n\t\t\t\t\t\t\t\t\t<\/li>\n\t\t\t\t\t\t\t\t<li class=\"elementor-icon-list-item\">\n\t\t\t\t\t\t\t\t\t\t\t<span class=\"elementor-icon-list-icon\">\n\t\t\t\t\t\t\t<i aria-hidden=\"true\" class=\"fas fa-check-square\"><\/i>\t\t\t\t\t\t<\/span>\n\t\t\t\t\t\t\t\t\t\t<span class=\"elementor-icon-list-text\">COACH NACIONAL<\/span>\n\t\t\t\t\t\t\t\t\t<\/li>\n\t\t\t\t\t\t<\/ul>\n\t\t\t\t<\/div>\n\t\t\t\t<\/div>\n\t\t\t\t\t\t<\/div>\n\t\t\t\t\t<\/div>\n\t\t<\/div>\n\t\t\t\t<div class=\"elementor-column elementor-col-50 elementor-top-column elementor-element elementor-element-b437acc\" data-id=\"b437acc\" data-element_type=\"column\">\n\t\t\t<div class=\"elementor-column-wrap elementor-element-populated\">\n\t\t\t\t\t\t\t<div class=\"elementor-widget-wrap\">\n\t\t\t\t\t\t<div class=\"elementor-element elementor-element-9e0d040 elementor-position-top elementor-vertical-align-top elementor-widget elementor-widget-image-box\" data-id=\"9e0d040\" data-element_type=\"widget\" data-widget_type=\"image-box.default\">\n\t\t\t\t<div class=\"elementor-widget-container\">\n\t\t\t<div class=\"elementor-image-box-wrapper\"><figure class=\"elementor-image-box-img\"><img loading=\"lazy\" decoding=\"async\" width=\"300\" height=\"300\" src=\"https:\/\/karatekirudo.es\/wp-content\/uploads\/2022\/06\/Estitxu-Ruiz-2-300x300.jpg\" class=\"elementor-animation-pulse attachment-news-thumb size-news-thumb\" alt=\"\" srcset=\"https:\/\/karatekirudo.es\/wp-content\/uploads\/2022\/06\/Estitxu-Ruiz-2-300x300.jpg 300w, https:\/\/karatekirudo.es\/wp-content\/uploads\/2022\/06\/Estitxu-Ruiz-2-150x150.jpg 150w, https:\/\/karatekirudo.es\/wp-content\/uploads\/2022\/06\/Estitxu-Ruiz-2-640x640.jpg 640w\" sizes=\"(max-width: 300px) 100vw, 300px\" \/><\/figure><div class=\"elementor-image-box-content\"><h3 class=\"elementor-image-box-title\">ESTITXU RUIZ<\/h3><\/div><\/div>\t\t<\/div>\n\t\t\t\t<\/div>\n\t\t\t\t<div class=\"elementor-element elementor-element-a75de0c elementor-icon-list--layout-traditional elementor-list-item-link-full_width elementor-widget elementor-widget-icon-list\" data-id=\"a75de0c\" data-element_type=\"widget\" data-widget_type=\"icon-list.default\">\n\t\t\t\t<div class=\"elementor-widget-container\">\n\t\t\t\t\t<ul class=\"elementor-icon-list-items\">\n\t\t\t\t\t\t\t<li class=\"elementor-icon-list-item\">\n\t\t\t\t\t\t\t\t\t\t\t<span class=\"elementor-icon-list-icon\">\n\t\t\t\t\t\t\t<i aria-hidden=\"true\" class=\"fas fa-check-square\"><\/i>\t\t\t\t\t\t<\/span>\n\t\t\t\t\t\t\t\t\t\t<span class=\"elementor-icon-list-text\">ESTUDIANTE DEL NIVEL I DE ENSE\u00d1ANZA <\/span>\n\t\t\t\t\t\t\t\t\t<\/li>\n\t\t\t\t\t\t\t\t<li class=\"elementor-icon-list-item\">\n\t\t\t\t\t\t\t\t\t\t\t<span class=\"elementor-icon-list-icon\">\n\t\t\t\t\t\t\t<i aria-hidden=\"true\" class=\"fas fa-check-square\"><\/i>\t\t\t\t\t\t<\/span>\n\t\t\t\t\t\t\t\t\t\t<span class=\"elementor-icon-list-text\">CINTUR\u00d3N NEGRO 1\u00ba DAN<\/span>\n\t\t\t\t\t\t\t\t\t<\/li>\n\t\t\t\t\t\t\t\t<li class=\"elementor-icon-list-item\">\n\t\t\t\t\t\t\t\t\t\t\t<span class=\"elementor-icon-list-icon\">\n\t\t\t\t\t\t\t<i aria-hidden=\"true\" class=\"fas fa-check-square\"><\/i>\t\t\t\t\t\t<\/span>\n\t\t\t\t\t\t\t\t\t\t<span class=\"elementor-icon-list-text\">COACH NACIONAL<\/span>\n\t\t\t\t\t\t\t\t\t<\/li>\n\t\t\t\t\t\t\t\t<li class=\"elementor-icon-list-item\">\n\t\t\t\t\t\t\t\t\t\t\t<span class=\"elementor-icon-list-icon\">\n\t\t\t\t\t\t\t<i aria-hidden=\"true\" class=\"fas fa-check-square\"><\/i>\t\t\t\t\t\t<\/span>\n\t\t\t\t\t\t\t\t\t\t<span class=\"elementor-icon-list-text\">GRADUADA EN ADMINISTRACI\u00d3N Y DIRECCI\u00d3N DE EMPRESAS<\/span>\n\t\t\t\t\t\t\t\t\t<\/li>\n\t\t\t\t\t\t<\/ul>\n\t\t\t\t<\/div>\n\t\t\t\t<\/div>\n\t\t\t\t\t\t<\/div>\n\t\t\t\t\t<\/div>\n\t\t<\/div>\n\t\t\t\t\t\t\t\t<\/div>\n\t\t\t\t\t<\/div>\n\t\t<\/section>\n\t\t\t\t<section class=\"elementor-section elementor-top-section elementor-element elementor-element-d33ec91 elementor-section-stretched elementor-section-boxed elementor-section-height-default elementor-section-height-default\" data-id=\"d33ec91\" data-element_type=\"section\" data-settings=\"{&quot;stretch_section&quot;:&quot;section-stretched&quot;}\">\n\t\t\t\t\t\t<div class=\"elementor-container elementor-column-gap-default\">\n\t\t\t\t\t\t\t<div class=\"elementor-row\">\n\t\t\t\t\t<div class=\"elementor-column elementor-col-100 elementor-top-column elementor-element elementor-element-aab4ef3\" data-id=\"aab4ef3\" data-element_type=\"column\">\n\t\t\t<div class=\"elementor-column-wrap elementor-element-populated\">\n\t\t\t\t\t\t\t<div class=\"elementor-widget-wrap\">\n\t\t\t\t\t\t<div class=\"elementor-element elementor-element-d83d954 elementor-widget elementor-widget-html\" data-id=\"d83d954\" data-element_type=\"widget\" data-widget_type=\"html.default\">\n\t\t\t\t<div class=\"elementor-widget-container\">\n\t\t\t<div class=\"page-header\">\r\n\t\t\t\t<div class=\"container\">\r\n\t\t\t\t\t<h1 class=\"entry-title\">NUESTROS \u00c1RBITROS Y COACH<\/h1>\t\t\t\t<\/div>\r\n\t\t\t<\/div>\t\t<\/div>\n\t\t\t\t<\/div>\n\t\t\t\t\t\t<\/div>\n\t\t\t\t\t<\/div>\n\t\t<\/div>\n\t\t\t\t\t\t\t\t<\/div>\n\t\t\t\t\t<\/div>\n\t\t<\/section>\n\t\t\t\t<section class=\"elementor-section elementor-top-section elementor-element elementor-element-25aef7b elementor-section-boxed elementor-section-height-default elementor-section-height-default\" data-id=\"25aef7b\" data-element_type=\"section\">\n\t\t\t\t\t\t<div class=\"elementor-container elementor-column-gap-default\">\n\t\t\t\t\t\t\t<div class=\"elementor-row\">\n\t\t\t\t\t<div class=\"elementor-column elementor-col-33 elementor-top-column elementor-element elementor-element-e9894aa\" data-id=\"e9894aa\" data-element_type=\"column\">\n\t\t\t<div class=\"elementor-column-wrap elementor-element-populated\">\n\t\t\t\t\t\t\t<div class=\"elementor-widget-wrap\">\n\t\t\t\t\t\t<div class=\"elementor-element elementor-element-958d77c elementor-position-top elementor-vertical-align-top elementor-widget elementor-widget-image-box\" data-id=\"958d77c\" data-element_type=\"widget\" data-widget_type=\"image-box.default\">\n\t\t\t\t<div class=\"elementor-widget-container\">\n\t\t\t<div class=\"elementor-image-box-wrapper\"><figure class=\"elementor-image-box-img\"><img loading=\"lazy\" decoding=\"async\" width=\"500\" height=\"500\" src=\"https:\/\/karatekirudo.es\/wp-content\/uploads\/2020\/01\/Carlos_Kirudo.jpg\" class=\"elementor-animation-pulse attachment-full size-full\" alt=\"\" srcset=\"https:\/\/karatekirudo.es\/wp-content\/uploads\/2020\/01\/Carlos_Kirudo.jpg 500w, https:\/\/karatekirudo.es\/wp-content\/uploads\/2020\/01\/Carlos_Kirudo-300x300.jpg 300w, https:\/\/karatekirudo.es\/wp-content\/uploads\/2020\/01\/Carlos_Kirudo-150x150.jpg 150w\" sizes=\"(max-width: 500px) 100vw, 500px\" \/><\/figure><div class=\"elementor-image-box-content\"><h3 class=\"elementor-image-box-title\">CARLOS RODR\u00cdGUEZ<\/h3><p class=\"elementor-image-box-description\">\u00c1RBITO NACIONAL Y COACH INTERNACIONAL<\/p><\/div><\/div>\t\t<\/div>\n\t\t\t\t<\/div>\n\t\t\t\t<div class=\"elementor-element elementor-element-402fdd7 elementor-position-top elementor-vertical-align-top elementor-widget elementor-widget-image-box\" data-id=\"402fdd7\" data-element_type=\"widget\" data-widget_type=\"image-box.default\">\n\t\t\t\t<div class=\"elementor-widget-container\">\n\t\t\t<div class=\"elementor-image-box-wrapper\"><figure class=\"elementor-image-box-img\"><img loading=\"lazy\" decoding=\"async\" width=\"500\" height=\"500\" src=\"https:\/\/karatekirudo.es\/wp-content\/uploads\/2020\/02\/ibon_Montes.jpg\" class=\"elementor-animation-pulse attachment-full size-full\" alt=\"\" srcset=\"https:\/\/karatekirudo.es\/wp-content\/uploads\/2020\/02\/ibon_Montes.jpg 500w, https:\/\/karatekirudo.es\/wp-content\/uploads\/2020\/02\/ibon_Montes-300x300.jpg 300w, https:\/\/karatekirudo.es\/wp-content\/uploads\/2020\/02\/ibon_Montes-150x150.jpg 150w\" sizes=\"(max-width: 500px) 100vw, 500px\" \/><\/figure><div class=\"elementor-image-box-content\"><h3 class=\"elementor-image-box-title\">IBON MONTES<\/h3><p class=\"elementor-image-box-description\">\u00c1RBITRO NACIONAL B<\/p><\/div><\/div>\t\t<\/div>\n\t\t\t\t<\/div>\n\t\t\t\t\t\t<\/div>\n\t\t\t\t\t<\/div>\n\t\t<\/div>\n\t\t\t\t<div class=\"elementor-column elementor-col-33 elementor-top-column elementor-element elementor-element-63259d5\" data-id=\"63259d5\" data-element_type=\"column\">\n\t\t\t<div class=\"elementor-column-wrap elementor-element-populated\">\n\t\t\t\t\t\t\t<div class=\"elementor-widget-wrap\">\n\t\t\t\t\t\t<div class=\"elementor-element elementor-element-7a597cf elementor-position-top elementor-vertical-align-top elementor-widget elementor-widget-image-box\" data-id=\"7a597cf\" data-element_type=\"widget\" data-widget_type=\"image-box.default\">\n\t\t\t\t<div class=\"elementor-widget-container\">\n\t\t\t<div class=\"elementor-image-box-wrapper\"><figure class=\"elementor-image-box-img\"><img loading=\"lazy\" decoding=\"async\" width=\"500\" height=\"500\" src=\"https:\/\/karatekirudo.es\/wp-content\/uploads\/2020\/01\/Oihana_Karate_Kiru-do.png\" class=\"elementor-animation-pulse attachment-full size-full\" alt=\"\" srcset=\"https:\/\/karatekirudo.es\/wp-content\/uploads\/2020\/01\/Oihana_Karate_Kiru-do.png 500w, https:\/\/karatekirudo.es\/wp-content\/uploads\/2020\/01\/Oihana_Karate_Kiru-do-300x300.png 300w, https:\/\/karatekirudo.es\/wp-content\/uploads\/2020\/01\/Oihana_Karate_Kiru-do-150x150.png 150w\" sizes=\"(max-width: 500px) 100vw, 500px\" \/><\/figure><div class=\"elementor-image-box-content\"><h3 class=\"elementor-image-box-title\">OIHANA  AGUAYO<\/h3><p class=\"elementor-image-box-description\">\u00c1RBITRO INTER-REGIONAL Y COACH NACIONAL<\/p><\/div><\/div>\t\t<\/div>\n\t\t\t\t<\/div>\n\t\t\t\t<div class=\"elementor-element elementor-element-a61fff8 elementor-position-top elementor-vertical-align-top elementor-widget elementor-widget-image-box\" data-id=\"a61fff8\" data-element_type=\"widget\" data-widget_type=\"image-box.default\">\n\t\t\t\t<div class=\"elementor-widget-container\">\n\t\t\t<div class=\"elementor-image-box-wrapper\"><figure class=\"elementor-image-box-img\"><img loading=\"lazy\" decoding=\"async\" width=\"500\" height=\"500\" src=\"https:\/\/karatekirudo.es\/wp-content\/uploads\/2020\/02\/Andrea_Perez.jpg\" class=\"elementor-animation-pulse attachment-full size-full\" alt=\"\" srcset=\"https:\/\/karatekirudo.es\/wp-content\/uploads\/2020\/02\/Andrea_Perez.jpg 500w, https:\/\/karatekirudo.es\/wp-content\/uploads\/2020\/02\/Andrea_Perez-300x300.jpg 300w, https:\/\/karatekirudo.es\/wp-content\/uploads\/2020\/02\/Andrea_Perez-150x150.jpg 150w\" sizes=\"(max-width: 500px) 100vw, 500px\" \/><\/figure><div class=\"elementor-image-box-content\"><h3 class=\"elementor-image-box-title\">ANDREA PEREZ<\/h3><p class=\"elementor-image-box-description\">\u00c1RBITRO INTER-REGIONAL<\/p><\/div><\/div>\t\t<\/div>\n\t\t\t\t<\/div>\n\t\t\t\t\t\t<\/div>\n\t\t\t\t\t<\/div>\n\t\t<\/div>\n\t\t\t\t<div class=\"elementor-column elementor-col-33 elementor-top-column elementor-element elementor-element-ebb402c\" data-id=\"ebb402c\" data-element_type=\"column\">\n\t\t\t<div class=\"elementor-column-wrap elementor-element-populated\">\n\t\t\t\t\t\t\t<div class=\"elementor-widget-wrap\">\n\t\t\t\t\t\t<div class=\"elementor-element elementor-element-6aa03e9 elementor-position-top elementor-vertical-align-top elementor-widget elementor-widget-image-box\" data-id=\"6aa03e9\" data-element_type=\"widget\" data-widget_type=\"image-box.default\">\n\t\t\t\t<div class=\"elementor-widget-container\">\n\t\t\t<div class=\"elementor-image-box-wrapper\"><figure class=\"elementor-image-box-img\"><img loading=\"lazy\" decoding=\"async\" width=\"500\" height=\"500\" src=\"https:\/\/karatekirudo.es\/wp-content\/uploads\/2020\/01\/Paula_Kirudo.jpg\" class=\"elementor-animation-pulse attachment-full size-full\" alt=\"\" srcset=\"https:\/\/karatekirudo.es\/wp-content\/uploads\/2020\/01\/Paula_Kirudo.jpg 500w, https:\/\/karatekirudo.es\/wp-content\/uploads\/2020\/01\/Paula_Kirudo-300x300.jpg 300w, https:\/\/karatekirudo.es\/wp-content\/uploads\/2020\/01\/Paula_Kirudo-150x150.jpg 150w\" sizes=\"(max-width: 500px) 100vw, 500px\" \/><\/figure><div class=\"elementor-image-box-content\"><h3 class=\"elementor-image-box-title\">PAULA RODR\u00cdGUEZ<\/h3><p class=\"elementor-image-box-description\">\u00c1RBITRO NACIONAL B Y COACH INTERNACIONAL<\/p><\/div><\/div>\t\t<\/div>\n\t\t\t\t<\/div>\n\t\t\t\t<div class=\"elementor-element elementor-element-ef72192 elementor-position-top elementor-vertical-align-top elementor-widget elementor-widget-image-box\" data-id=\"ef72192\" data-element_type=\"widget\" data-widget_type=\"image-box.default\">\n\t\t\t\t<div class=\"elementor-widget-container\">\n\t\t\t<div class=\"elementor-image-box-wrapper\"><figure class=\"elementor-image-box-img\"><img loading=\"lazy\" decoding=\"async\" width=\"300\" height=\"300\" src=\"https:\/\/karatekirudo.es\/wp-content\/uploads\/2020\/02\/MONICA-WEB-300x300.jpg\" class=\"elementor-animation-pulse attachment-news-thumb size-news-thumb\" alt=\"\" srcset=\"https:\/\/karatekirudo.es\/wp-content\/uploads\/2020\/02\/MONICA-WEB-300x300.jpg 300w, https:\/\/karatekirudo.es\/wp-content\/uploads\/2020\/02\/MONICA-WEB-150x150.jpg 150w, https:\/\/karatekirudo.es\/wp-content\/uploads\/2020\/02\/MONICA-WEB-640x640.jpg 640w\" sizes=\"(max-width: 300px) 100vw, 300px\" \/><\/figure><div class=\"elementor-image-box-content\"><h3 class=\"elementor-image-box-title\">MONICA CAMARERO<\/h3><p class=\"elementor-image-box-description\">COACH NACIONAL<\/p><\/div><\/div>\t\t<\/div>\n\t\t\t\t<\/div>\n\t\t\t\t\t\t<\/div>\n\t\t\t\t\t<\/div>\n\t\t<\/div>\n\t\t\t\t\t\t\t\t<\/div>\n\t\t\t\t\t<\/div>\n\t\t<\/section>\n\t\t\t\t<section class=\"elementor-section elementor-top-section elementor-element elementor-element-30d19b8 elementor-section-boxed elementor-section-height-default elementor-section-height-default\" data-id=\"30d19b8\" data-element_type=\"section\">\n\t\t\t\t\t\t<div class=\"elementor-container elementor-column-gap-default\">\n\t\t\t\t\t\t\t<div class=\"elementor-row\">\n\t\t\t\t\t<div class=\"elementor-column elementor-col-33 elementor-top-column elementor-element elementor-element-0b0feca\" data-id=\"0b0feca\" data-element_type=\"column\">\n\t\t\t<div class=\"elementor-column-wrap elementor-element-populated\">\n\t\t\t\t\t\t\t<div class=\"elementor-widget-wrap\">\n\t\t\t\t\t\t<div class=\"elementor-element elementor-element-7d0bc12 elementor-position-top elementor-vertical-align-top elementor-widget elementor-widget-image-box\" data-id=\"7d0bc12\" data-element_type=\"widget\" data-widget_type=\"image-box.default\">\n\t\t\t\t<div class=\"elementor-widget-container\">\n\t\t\t<div class=\"elementor-image-box-wrapper\"><figure class=\"elementor-image-box-img\"><img loading=\"lazy\" decoding=\"async\" width=\"300\" height=\"300\" src=\"https:\/\/karatekirudo.es\/wp-content\/uploads\/2022\/06\/Estitxu-Ruiz-2-300x300.jpg\" class=\"elementor-animation-pulse attachment-news-thumb size-news-thumb\" alt=\"\" srcset=\"https:\/\/karatekirudo.es\/wp-content\/uploads\/2022\/06\/Estitxu-Ruiz-2-300x300.jpg 300w, https:\/\/karatekirudo.es\/wp-content\/uploads\/2022\/06\/Estitxu-Ruiz-2-150x150.jpg 150w, https:\/\/karatekirudo.es\/wp-content\/uploads\/2022\/06\/Estitxu-Ruiz-2-640x640.jpg 640w\" sizes=\"(max-width: 300px) 100vw, 300px\" \/><\/figure><div class=\"elementor-image-box-content\"><h3 class=\"elementor-image-box-title\">ESTITXU RUIZ<\/h3><p class=\"elementor-image-box-description\">COACH NACIONAL<\/p><\/div><\/div>\t\t<\/div>\n\t\t\t\t<\/div>\n\t\t\t\t\t\t<\/div>\n\t\t\t\t\t<\/div>\n\t\t<\/div>\n\t\t\t\t<div class=\"elementor-column elementor-col-33 elementor-top-column elementor-element elementor-element-19b3924\" data-id=\"19b3924\" data-element_type=\"column\">\n\t\t\t<div class=\"elementor-column-wrap\">\n\t\t\t\t\t\t\t<div class=\"elementor-widget-wrap\">\n\t\t\t\t\t\t\t\t<\/div>\n\t\t\t\t\t<\/div>\n\t\t<\/div>\n\t\t\t\t<div class=\"elementor-column elementor-col-33 elementor-top-column elementor-element elementor-element-cd678bb\" data-id=\"cd678bb\" data-element_type=\"column\">\n\t\t\t<div class=\"elementor-column-wrap\">\n\t\t\t\t\t\t\t<div class=\"elementor-widget-wrap\">\n\t\t\t\t\t\t\t\t<\/div>\n\t\t\t\t\t<\/div>\n\t\t<\/div>\n\t\t\t\t\t\t\t\t<\/div>\n\t\t\t\t\t<\/div>\n\t\t<\/section>\n\t\t\t\t\t\t<\/div>\n\t\t\t\t\t\t<\/div>\n\t\t\t\t\t<\/div>","protected":false},"excerpt":{"rendered":"<p>CARLOS RODR\u00cdGUEZ ENTRENADOR NACIONAL DE KARATE &#8211; NIVEL III VICEPRESIDENTE DE LA FEDERACI\u00d3N GUIPUZCOANA DE KARATE DIRECTOR T\u00c9CNICO DE LA FEDERACI\u00d3N GUIPUZCOANA DE KARATE CINTUR\u00d3N NEGRO 6\u00ba DAN CINTUR\u00d3N NEGRO &#8230;<\/p>","protected":false},"author":1,"featured_media":0,"parent":0,"menu_order":0,"comment_status":"closed","ping_status":"closed","template":"template-fullwidth.php","meta":{"footnotes":""},"yoast_head":"<!-- This site is optimized with the Yoast SEO plugin v21.3 - https:\/\/yoast.com\/wordpress\/plugins\/seo\/ -->\n<title>NUESTROS T\u00c9CNICOS | Pasaiako KIRU-DO Karate Kluba<\/title>\n<meta name=\"description\" content=\"P\u00e1gina oficial del PASAIAKO KIRU-DO KARATE KLUBA.\" \/>\n<meta name=\"robots\" content=\"index, follow, max-snippet:-1, max-image-preview:large, max-video-preview:-1\" \/>\n<link rel=\"canonical\" href=\"https:\/\/karatekirudo.es\/eu\/equipo\/\" \/>\n<meta property=\"og:locale\" content=\"en_US\" \/>\n<meta property=\"og:type\" content=\"article\" \/>\n<meta property=\"og:title\" content=\"NUESTROS T\u00c9CNICOS | Pasaiako KIRU-DO Karate Kluba\" \/>\n<meta property=\"og:description\" content=\"P\u00e1gina oficial del PASAIAKO KIRU-DO KARATE KLUBA.\" \/>\n<meta property=\"og:url\" content=\"https:\/\/karatekirudo.es\/eu\/equipo\/\" \/>\n<meta property=\"og:site_name\" content=\"Pasaiako KIRU-DO Karate Kluba\" \/>\n<meta property=\"article:modified_time\" content=\"2024-03-25T18:35:59+00:00\" \/>\n<meta property=\"og:image\" content=\"http:\/\/karatekirudo.es\/wp-content\/uploads\/2020\/01\/Carlos_Kirudo.jpg\" \/>\n<meta name=\"twitter:card\" content=\"summary_large_image\" \/>\n<meta name=\"twitter:label1\" content=\"Est. reading time\" \/>\n\t<meta name=\"twitter:data1\" content=\"5 minutua\" \/>\n<script type=\"application\/ld+json\" class=\"yoast-schema-graph\">{\"@context\":\"https:\/\/schema.org\",\"@graph\":[{\"@type\":\"WebPage\",\"@id\":\"https:\/\/karatekirudo.es\/eu\/equipo\/\",\"url\":\"https:\/\/karatekirudo.es\/eu\/equipo\/\",\"name\":\"NUESTROS T\u00c9CNICOS | Pasaiako KIRU-DO Karate Kluba\",\"isPartOf\":{\"@id\":\"https:\/\/karatekirudo.es\/eu\/#website\"},\"datePublished\":\"2020-01-24T14:25:33+00:00\",\"dateModified\":\"2024-03-25T18:35:59+00:00\",\"description\":\"P\u00e1gina oficial del PASAIAKO KIRU-DO KARATE KLUBA.\",\"breadcrumb\":{\"@id\":\"https:\/\/karatekirudo.es\/eu\/equipo\/#breadcrumb\"},\"inLanguage\":\"eu\",\"potentialAction\":[{\"@type\":\"ReadAction\",\"target\":[\"https:\/\/karatekirudo.es\/eu\/equipo\/\"]}]},{\"@type\":\"BreadcrumbList\",\"@id\":\"https:\/\/karatekirudo.es\/eu\/equipo\/#breadcrumb\",\"itemListElement\":[{\"@type\":\"ListItem\",\"position\":1,\"name\":\"Sarrera\",\"item\":\"https:\/\/karatekirudo.es\/eu\/sarrera\/\"},{\"@type\":\"ListItem\",\"position\":2,\"name\":\"NUESTROS T\u00c9CNICOS\"}]},{\"@type\":\"WebSite\",\"@id\":\"https:\/\/karatekirudo.es\/eu\/#website\",\"url\":\"https:\/\/karatekirudo.es\/eu\/\",\"name\":\"Pasaiako KIRU-DO Karate Kluba\",\"description\":\"Pasaiako Kiru-do karate kluba\",\"publisher\":{\"@id\":\"https:\/\/karatekirudo.es\/eu\/#organization\"},\"potentialAction\":[{\"@type\":\"SearchAction\",\"target\":{\"@type\":\"EntryPoint\",\"urlTemplate\":\"https:\/\/karatekirudo.es\/eu\/?s={search_term_string}\"},\"query-input\":\"required name=search_term_string\"}],\"inLanguage\":\"eu\"},{\"@type\":\"Organization\",\"@id\":\"https:\/\/karatekirudo.es\/eu\/#organization\",\"name\":\"\u00a0PASAIAKO KIRU-DO KARATE KLUBA\",\"url\":\"https:\/\/karatekirudo.es\/eu\/\",\"logo\":{\"@type\":\"ImageObject\",\"inLanguage\":\"eu\",\"@id\":\"https:\/\/karatekirudo.es\/eu\/#\/schema\/logo\/image\/\",\"url\":\"https:\/\/karatekirudo.es\/wp-content\/uploads\/2020\/01\/emblema-KIRU-DO-479X479.png\",\"contentUrl\":\"https:\/\/karatekirudo.es\/wp-content\/uploads\/2020\/01\/emblema-KIRU-DO-479X479.png\",\"width\":479,\"height\":479,\"caption\":\"\u00a0PASAIAKO KIRU-DO KARATE KLUBA\"},\"image\":{\"@id\":\"https:\/\/karatekirudo.es\/eu\/#\/schema\/logo\/image\/\"}}]}<\/script>\n<!-- \/ Yoast SEO plugin. -->","yoast_head_json":{"title":"NUESTROS T\u00c9CNICOS | Pasaiako KIRU-DO Karate Kluba","description":"P\u00e1gina oficial del PASAIAKO KIRU-DO KARATE KLUBA.","robots":{"index":"index","follow":"follow","max-snippet":"max-snippet:-1","max-image-preview":"max-image-preview:large","max-video-preview":"max-video-preview:-1"},"canonical":"https:\/\/karatekirudo.es\/eu\/equipo\/","og_locale":"en_US","og_type":"article","og_title":"NUESTROS T\u00c9CNICOS | Pasaiako KIRU-DO Karate Kluba","og_description":"P\u00e1gina oficial del PASAIAKO KIRU-DO KARATE KLUBA.","og_url":"https:\/\/karatekirudo.es\/eu\/equipo\/","og_site_name":"Pasaiako KIRU-DO Karate Kluba","article_modified_time":"2024-03-25T18:35:59+00:00","og_image":[{"url":"http:\/\/karatekirudo.es\/wp-content\/uploads\/2020\/01\/Carlos_Kirudo.jpg"}],"twitter_card":"summary_large_image","twitter_misc":{"Est. reading time":"5 minutua"},"schema":{"@context":"https:\/\/schema.org","@graph":[{"@type":"WebPage","@id":"https:\/\/karatekirudo.es\/eu\/equipo\/","url":"https:\/\/karatekirudo.es\/eu\/equipo\/","name":"NUESTROS T\u00c9CNICOS | Pasaiako KIRU-DO Karate Kluba","isPartOf":{"@id":"https:\/\/karatekirudo.es\/eu\/#website"},"datePublished":"2020-01-24T14:25:33+00:00","dateModified":"2024-03-25T18:35:59+00:00","description":"P\u00e1gina oficial del PASAIAKO KIRU-DO KARATE KLUBA.","breadcrumb":{"@id":"https:\/\/karatekirudo.es\/eu\/equipo\/#breadcrumb"},"inLanguage":"eu","potentialAction":[{"@type":"ReadAction","target":["https:\/\/karatekirudo.es\/eu\/equipo\/"]}]},{"@type":"BreadcrumbList","@id":"https:\/\/karatekirudo.es\/eu\/equipo\/#breadcrumb","itemListElement":[{"@type":"ListItem","position":1,"name":"Sarrera","item":"https:\/\/karatekirudo.es\/eu\/sarrera\/"},{"@type":"ListItem","position":2,"name":"NUESTROS T\u00c9CNICOS"}]},{"@type":"WebSite","@id":"https:\/\/karatekirudo.es\/eu\/#website","url":"https:\/\/karatekirudo.es\/eu\/","name":"Pasaiako KIRU-DO Karate Kluba","description":"Pasaiako Kiru-do karate kluba","publisher":{"@id":"https:\/\/karatekirudo.es\/eu\/#organization"},"potentialAction":[{"@type":"SearchAction","target":{"@type":"EntryPoint","urlTemplate":"https:\/\/karatekirudo.es\/eu\/?s={search_term_string}"},"query-input":"required name=search_term_string"}],"inLanguage":"eu"},{"@type":"Organization","@id":"https:\/\/karatekirudo.es\/eu\/#organization","name":"\u00a0PASAIAKO KIRU-DO KARATE KLUBA","url":"https:\/\/karatekirudo.es\/eu\/","logo":{"@type":"ImageObject","inLanguage":"eu","@id":"https:\/\/karatekirudo.es\/eu\/#\/schema\/logo\/image\/","url":"https:\/\/karatekirudo.es\/wp-content\/uploads\/2020\/01\/emblema-KIRU-DO-479X479.png","contentUrl":"https:\/\/karatekirudo.es\/wp-content\/uploads\/2020\/01\/emblema-KIRU-DO-479X479.png","width":479,"height":479,"caption":"\u00a0PASAIAKO KIRU-DO KARATE KLUBA"},"image":{"@id":"https:\/\/karatekirudo.es\/eu\/#\/schema\/logo\/image\/"}}]}},"_links":{"self":[{"href":"https:\/\/karatekirudo.es\/eu\/wp-json\/wp\/v2\/pages\/1646"}],"collection":[{"href":"https:\/\/karatekirudo.es\/eu\/wp-json\/wp\/v2\/pages"}],"about":[{"href":"https:\/\/karatekirudo.es\/eu\/wp-json\/wp\/v2\/types\/page"}],"author":[{"embeddable":true,"href":"https:\/\/karatekirudo.es\/eu\/wp-json\/wp\/v2\/users\/1"}],"replies":[{"embeddable":true,"href":"https:\/\/karatekirudo.es\/eu\/wp-json\/wp\/v2\/comments?post=1646"}],"version-history":[{"count":72,"href":"https:\/\/karatekirudo.es\/eu\/wp-json\/wp\/v2\/pages\/1646\/revisions"}],"predecessor-version":[{"id":4442,"href":"https:\/\/karatekirudo.es\/eu\/wp-json\/wp\/v2\/pages\/1646\/revisions\/4442"}],"wp:attachment":[{"href":"https:\/\/karatekirudo.es\/eu\/wp-json\/wp\/v2\/media?parent=1646"}],"curies":[{"name":"wp","href":"https:\/\/api.w.org\/{rel}","templated":true}]}}